{"id":5207,"date":"2021-04-07T14:36:03","date_gmt":"2021-04-07T14:36:03","guid":{"rendered":"https:\/\/antoniolongarito.com\/stock\/?post_type=product&#038;p=5207"},"modified":"2025-03-20T16:03:27","modified_gmt":"2025-03-20T16:03:27","slug":"onyx-rojo-gt1-b3-or8832","status":"publish","type":"product","link":"https:\/\/antoniolongarito.com\/stock\/product\/onyx-rojo-gt1-b3-or8832\/","title":{"rendered":"Onyx Rojo # GT1.B3.OR8832"},"content":{"rendered":"<p>Pela natureza mineral trata-se de um m\u00e1rmore criptocristalino, calc\u00edtico e aragon\u00edtico, precipitado em ambiente termal, pouco profundo e juvenil, com idade concomitante aos primeiros vest\u00edgios do Homem. Porque cristalizou em ambiente livre apresenta bandas com limites conc\u00eantricos e cristaliza\u00e7\u00e3o acicular que, por a\u00e7\u00e3o de movimentos na bacia de forma\u00e7\u00e3o, aparecem dobrados, fraturados e deslocados, com texturas rendilhadas ins\u00f3litas, tanto quanto as inclus\u00f5es de fosseis marinhos. Exibe, em contraste com zonas opacas, algumas bandas translucidas, que permitem aplica\u00e7\u00f5es de retroilumina\u00e7\u00e3o. A cor vermelha est\u00e1 relacionadas com a presen\u00e7a de \u00f3xidos de ferro no ambiente de forma\u00e7\u00e3o, que amplia muito o espectro de cores fortes e gradua os tons mais intensos e exuberantes.<\/p>\n<p><strong>APLICA\u00c7\u00d5ES<\/strong><\/p>\n<ul>\n<li>Piso exterior: N\u00e3o<\/li>\n<li>Fachada: Sim*<\/li>\n<li>Piso interior: Sim*<\/li>\n<li>Revestimento interior: Sim<\/li>\n<li>Casa de Banho: Sim<\/li>\n<li>Lareira: Sim*<\/li>\n<li>Mobili\u00e1rio: Sim<\/li>\n<li>Bancada da cozinha: N\u00e3o<\/li>\n<li>Retroilumina\u00e7\u00e3o: Sim*<\/li>\n<\/ul>\n<p>(*com tratamento e assentamento especializado)<\/p>\n<p><strong>DESEMPENHO T\u00c9CNICO:<\/strong><\/p>\n<ul>\n<li>Resist\u00eancia \u00e0 abras\u00e3o: Moderada a Baixa<\/li>\n<li>Resist\u00eancia \u00e0 mancha: Moderada a Baixa<\/li>\n<li>Resist\u00eancia ao Calor e Geada: Moderada<\/li>\n<li>Resist\u00eancia aos Raios UV: Moderada<\/li>\n<\/ul>\n<p><strong>CUIDADOS E MANUTEN\u00c7\u00c3O<\/strong><\/p>\n<p>A estrutura cristalina dos dois polimorfos de carbonato de c\u00e1lcio garante taxas de porosidade e de absor\u00e7\u00e3o muito baixas, tornando estas superf\u00edcies quase imperme\u00e1veis. Composicionalmente s\u00e3o muito sens\u00edveis aos \u00e1cidos, podendo manchar quando expostos a l\u00edquidos ou atmosferas \u00e1cidas ou muito alcalinas. \u00c9 ainda um material com baixa dureza, pode riscar com areias, metal ou vidro. Deve ser limpo com pano n\u00e3o abrasivo e detergente neutro.<\/p>\n","protected":false},"excerpt":{"rendered":"<p>Pela natureza mineral trata-se de um m\u00e1rmore criptocristalino, calc\u00edtico e aragon\u00edtico, precipitado em ambiente termal, pouco profundo e juvenil, com idade concomitante aos primeiros vest\u00edgios do Homem. Porque cristalizou em ambiente livre apresenta bandas com limites conc\u00eantricos e cristaliza\u00e7\u00e3o acicular que, por a\u00e7\u00e3o de movimentos na bacia de forma\u00e7\u00e3o, aparecem&hellip;<\/p>\n","protected":false},"featured_media":5211,"template":"","meta":[],"product_cat":[217],"product_tag":[],"acf":[],"_links":{"self":[{"href":"https:\/\/antoniolongarito.com\/stock\/wp-json\/wp\/v2\/product\/5207"}],"collection":[{"href":"https:\/\/antoniolongarito.com\/stock\/wp-json\/wp\/v2\/product"}],"about":[{"href":"https:\/\/antoniolongarito.com\/stock\/wp-json\/wp\/v2\/types\/product"}],"wp:featuredmedia":[{"embeddable":true,"href":"https:\/\/antoniolongarito.com\/stock\/wp-json\/wp\/v2\/media\/5211"}],"wp:attachment":[{"href":"https:\/\/antoniolongarito.com\/stock\/wp-json\/wp\/v2\/media?parent=5207"}],"wp:term":[{"taxonomy":"product_cat","embeddable":true,"href":"https:\/\/antoniolongarito.com\/stock\/wp-json\/wp\/v2\/product_cat?post=5207"},{"taxonomy":"product_tag","embeddable":true,"href":"https:\/\/antoniolongarito.com\/stock\/wp-json\/wp\/v2\/product_tag?post=5207"}],"curies":[{"name":"wp","href":"https:\/\/api.w.org\/{rel}","templated":true}]}}